{"id":147,"date":"2024-01-31T10:42:38","date_gmt":"2024-01-31T09:42:38","guid":{"rendered":"https:\/\/latelier-bleuenn.fr\/?page_id=147"},"modified":"2024-03-15T10:16:58","modified_gmt":"2024-03-15T09:16:58","slug":"a-propos","status":"publish","type":"page","link":"https:\/\/latelier-bleuenn.fr\/index.php\/a-propos\/","title":{"rendered":"\u00c0 propos"},"content":{"rendered":"<p>[et_pb_section fb_built=\u00a0\u00bb1&Prime; _builder_version=\u00a0\u00bb4.22.2&Prime; _module_preset=\u00a0\u00bbdefault\u00a0\u00bb background_color=\u00a0\u00bb#FFFFFF\u00a0\u00bb global_colors_info=\u00a0\u00bb{}\u00a0\u00bb theme_builder_area=\u00a0\u00bbpost_content\u00a0\u00bb][et_pb_row _builder_version=\u00a0\u00bb4.22.2&Prime; _module_preset=\u00a0\u00bbdefault\u00a0\u00bb global_colors_info=\u00a0\u00bb{}\u00a0\u00bb theme_builder_area=\u00a0\u00bbpost_content\u00a0\u00bb][et_pb_column type=\u00a0\u00bb4_4&Prime; _builder_version=\u00a0\u00bb4.22.2&Prime; _module_preset=\u00a0\u00bbdefault\u00a0\u00bb global_colors_info=\u00a0\u00bb{}\u00a0\u00bb theme_builder_area=\u00a0\u00bbpost_content\u00a0\u00bb][et_pb_menu menu_style=\u00a0\u00bbcentered\u00a0\u00bb _builder_version=\u00a0\u00bb4.24.2&Prime; _module_preset=\u00a0\u00bbdefault\u00a0\u00bb global_colors_info=\u00a0\u00bb{}\u00a0\u00bb theme_builder_area=\u00a0\u00bbpost_content\u00a0\u00bb][\/et_pb_menu][et_pb_heading title=\u00a0\u00bb\u00e0 propos\u00a0\u00bb _builder_version=\u00a0\u00bb4.24.2&Prime; _module_preset=\u00a0\u00bbdefault\u00a0\u00bb title_font=\u00a0\u00bbAbyssinica SIL||on|||on|||\u00a0\u00bb title_text_align=\u00a0\u00bbcenter\u00a0\u00bb title_font_size=\u00a0\u00bb36px\u00a0\u00bb title_letter_spacing=\u00a0\u00bb6px\u00a0\u00bb title_line_height=\u00a0\u00bb1.3em\u00a0\u00bb background_enable_image=\u00a0\u00bboff\u00a0\u00bb hover_enabled=\u00a0\u00bb0&Prime; global_colors_info=\u00a0\u00bb{}\u00a0\u00bb theme_builder_area=\u00a0\u00bbpost_content\u00a0\u00bb sticky_enabled=\u00a0\u00bb0&Prime;][\/et_pb_heading][\/et_pb_column][\/et_pb_row][et_pb_row column_structure=\u00a0\u00bb1_3,1_3,1_3&Prime; _builder_version=\u00a0\u00bb4.22.2&Prime; _module_preset=\u00a0\u00bbdefault\u00a0\u00bb global_colors_info=\u00a0\u00bb{}\u00a0\u00bb theme_builder_area=\u00a0\u00bbpost_content\u00a0\u00bb][et_pb_column type=\u00a0\u00bb1_3&Prime; _builder_version=\u00a0\u00bb4.22.2&Prime; _module_preset=\u00a0\u00bbdefault\u00a0\u00bb background_enable_color=\u00a0\u00bboff\u00a0\u00bb background_image=\u00a0\u00bbhttps:\/\/latelier-bleuenn.fr\/wp-content\/uploads\/2023\/10\/bg20-scaled.jpg\u00a0\u00bb global_colors_info=\u00a0\u00bb{}\u00a0\u00bb theme_builder_area=\u00a0\u00bbpost_content\u00a0\u00bb][et_pb_image src=\u00a0\u00bbhttps:\/\/latelier-bleuenn.fr\/wp-content\/uploads\/2024\/02\/0163_14092022-DSC_2129-scaled.jpg\u00a0\u00bb title_text=\u00a0\u00bb0163_14092022-DSC_2129&Prime; _builder_version=\u00a0\u00bb4.24.2&Prime; _module_preset=\u00a0\u00bbdefault\u00a0\u00bb hover_enabled=\u00a0\u00bb0&Prime; global_colors_info=\u00a0\u00bb{}\u00a0\u00bb theme_builder_area=\u00a0\u00bbpost_content\u00a0\u00bb sticky_enabled=\u00a0\u00bb0&Prime;][\/et_pb_image][\/et_pb_column][et_pb_column type=\u00a0\u00bb1_3&Prime; _builder_version=\u00a0\u00bb4.22.2&Prime; _module_preset=\u00a0\u00bbdefault\u00a0\u00bb global_colors_info=\u00a0\u00bb{}\u00a0\u00bb theme_builder_area=\u00a0\u00bbpost_content\u00a0\u00bb][et_pb_text _builder_version=\u00a0\u00bb4.24.0&Prime; _module_preset=\u00a0\u00bbdefault\u00a0\u00bb text_font_size=\u00a0\u00bb13px\u00a0\u00bb global_colors_info=\u00a0\u00bb{}\u00a0\u00bb theme_builder_area=\u00a0\u00bbpost_content\u00a0\u00bb]<\/p>\n<h3 class=\"text-uppercase mb-20\">Un peu de moi<\/h3>\n<p>Derri\u00e8re L\u2019Atelier Bleuenn se cache M\u00e9lanie, fleuriste passionn\u00e9e.<\/p>\n<p>Fascin\u00e9e par la beaut\u00e9 des fleurs\u00a0 et amoureuse de la nature qui nous entoure depuis toujours, c&rsquo;est tout naturellement que j&rsquo;ai repris la place d&rsquo;\u00e9l\u00e8ve en 2013 pour me former au m\u00e9tier de fleuriste apr\u00e9s plusieurs ann\u00e9es dans l&rsquo;enseignement.<\/p>\n<p>Apr\u00e8s plusieurs ann\u00e9es \u00e0 travailler en tant que fleuriste dans une boutique traditionnelle, en 2021,je d\u00e9cide de cr\u00e9er L\u2019Atelier Bleuenn afin de vous faire partager ma passion, mon univers.<\/p>\n<p>\u00ab Bleuenn \u00bb comme le doux pr\u00e9nom de ma fille qui a pour signification \u00ab petite fleur \u00bb.<\/p>\n<p>&nbsp;<\/p>\n<p>[\/et_pb_text][\/et_pb_column][et_pb_column type=\u00a0\u00bb1_3&Prime; _builder_version=\u00a0\u00bb4.22.2&Prime; _module_preset=\u00a0\u00bbdefault\u00a0\u00bb global_colors_info=\u00a0\u00bb{}\u00a0\u00bb theme_builder_area=\u00a0\u00bbpost_content\u00a0\u00bb][et_pb_text _builder_version=\u00a0\u00bb4.24.2&Prime; _module_preset=\u00a0\u00bbdefault\u00a0\u00bb theme_builder_area=\u00a0\u00bbpost_content\u00a0\u00bb hover_enabled=\u00a0\u00bb0&Prime; sticky_enabled=\u00a0\u00bb0&Prime;]<\/p>\n<p>Mes inspirations: La nature bien s\u00fbr mais \u00e9galement la musique, la d\u00e9coration, les mati\u00e8res, la mode.<\/p>\n<p>Fleuriste events est pour moi une v\u00e9ritable passion qui permet d&rsquo;exprimer ma cr\u00e9ativit\u00e9 au travers l&rsquo;\u00e9laboration de d\u00e9cor floral pour chacun de vos \u00e9v\u00e9nements.<\/p>\n<p>Professionnelle et passionn\u00e9e, je mets ainsi mon savoir faire au service de vos \u00e9motions, de vos envies.<\/p>\n<p>Travailler en atelier me permet d&rsquo;agir mon \u00e9chelle pour la pr\u00e9servation de notre plan\u00e8te: pas de gaspillage v\u00e9g\u00e9tal, chaque fleur trouve sa place dans mes cr\u00e9ations.<\/p>\n<p>[\/et_pb_text][\/et_pb_column][\/et_pb_row][\/et_pb_section]<\/p>\n","protected":false},"excerpt":{"rendered":"<p>Un peu de moi Derri\u00e8re L\u2019Atelier Bleuenn se cache M\u00e9lanie, fleuriste passionn\u00e9e. Fascin\u00e9e par la beaut\u00e9 des fleurs\u00a0 et amoureuse de la nature qui nous entoure depuis toujours, c&rsquo;est tout naturellement que j&rsquo;ai repris la place d&rsquo;\u00e9l\u00e8ve en 2013 pour me former au m\u00e9tier de fleuriste apr\u00e9s plusieurs ann\u00e9es dans l&rsquo;enseignement. Apr\u00e8s plusieurs ann\u00e9es \u00e0 [&hellip;]<\/p>\n","protected":false},"author":1,"featured_media":0,"parent":0,"menu_order":0,"comment_status":"closed","ping_status":"closed","template":"","meta":{"_et_pb_use_builder":"on","_et_pb_old_content":"","_et_gb_content_width":"","footnotes":""},"class_list":["post-147","page","type-page","status-publish","hentry"],"_links":{"self":[{"href":"https:\/\/latelier-bleuenn.fr\/index.php\/wp-json\/wp\/v2\/pages\/147","targetHints":{"allow":["GET"]}}],"collection":[{"href":"https:\/\/latelier-bleuenn.fr\/index.php\/wp-json\/wp\/v2\/pages"}],"about":[{"href":"https:\/\/latelier-bleuenn.fr\/index.php\/wp-json\/wp\/v2\/types\/page"}],"author":[{"embeddable":true,"href":"https:\/\/latelier-bleuenn.fr\/index.php\/wp-json\/wp\/v2\/users\/1"}],"replies":[{"embeddable":true,"href":"https:\/\/latelier-bleuenn.fr\/index.php\/wp-json\/wp\/v2\/comments?post=147"}],"version-history":[{"count":5,"href":"https:\/\/latelier-bleuenn.fr\/index.php\/wp-json\/wp\/v2\/pages\/147\/revisions"}],"predecessor-version":[{"id":370,"href":"https:\/\/latelier-bleuenn.fr\/index.php\/wp-json\/wp\/v2\/pages\/147\/revisions\/370"}],"wp:attachment":[{"href":"https:\/\/latelier-bleuenn.fr\/index.php\/wp-json\/wp\/v2\/media?parent=147"}],"curies":[{"name":"wp","href":"https:\/\/api.w.org\/{rel}","templated":true}]}}